{"id":221,"date":"2021-04-09T14:42:42","date_gmt":"2021-04-09T12:42:42","guid":{"rendered":"https:\/\/intlprojects2.ugr.es\/migrimage_web\/?page_id=221"},"modified":"2021-11-22T16:52:39","modified_gmt":"2021-11-22T15:52:39","slug":"asociacion-andaluza-para-el-desarrollo","status":"publish","type":"page","link":"https:\/\/intlprojects2.ugr.es\/migrimage_web\/quienes-somos\/asociacion-andaluza-para-el-desarrollo\/","title":{"rendered":"Asociaci\u00f3n Andaluza para el desarrollo"},"content":{"rendered":"\t\t<div data-elementor-type=\"wp-page\" data-elementor-id=\"221\" class=\"elementor elementor-221\" data-elementor-post-type=\"page\">\n\t\t\t\t\t\t<section class=\"elementor-section elementor-top-section elementor-element elementor-element-8403499 elementor-section-boxed elementor-section-height-default elementor-section-height-default\" data-id=\"8403499\" data-element_type=\"section\" data-e-type=\"section\">\n\t\t\t\t\t\t<div class=\"elementor-container elementor-column-gap-default\">\n\t\t\t\t\t<div class=\"elementor-column elementor-col-100 elementor-top-column elementor-element elementor-element-d1e81b6\" data-id=\"d1e81b6\" data-element_type=\"column\" data-e-type=\"column\">\n\t\t\t<div class=\"elementor-widget-wrap elementor-element-populated\">\n\t\t\t\t\t\t<div class=\"elementor-element elementor-element-7b355ee elementor-widget elementor-widget-heading\" data-id=\"7b355ee\" data-element_type=\"widget\" data-e-type=\"widget\" data-widget_type=\"heading.default\">\n\t\t\t\t<div class=\"elementor-widget-container\">\n\t\t\t\t\t<h1 class=\"elementor-heading-title elementor-size-default\">Asociaci\u00f3n Andaluza para el desarrollo<\/h1>\t\t\t\t<\/div>\n\t\t\t\t<\/div>\n\t\t\t\t\t<\/div>\n\t\t<\/div>\n\t\t\t\t\t<\/div>\n\t\t<\/section>\n\t\t\t\t<section class=\"elementor-section elementor-top-section elementor-element elementor-element-5d7fd39 elementor-section-boxed elementor-section-height-default elementor-section-height-default\" data-id=\"5d7fd39\" data-element_type=\"section\" data-e-type=\"section\">\n\t\t\t\t\t\t<div class=\"elementor-container elementor-column-gap-default\">\n\t\t\t\t\t<div class=\"elementor-column elementor-col-33 elementor-top-column elementor-element elementor-element-e14c7d3 elementor-hidden-phone\" data-id=\"e14c7d3\" data-element_type=\"column\" data-e-type=\"column\">\n\t\t\t<div class=\"elementor-widget-wrap elementor-element-populated\">\n\t\t\t\t\t\t<div class=\"elementor-element elementor-element-44c249d elementor-nav-menu__align-start elementor-nav-menu--dropdown-none elementor-widget elementor-widget-global elementor-global-185 elementor-widget-nav-menu\" data-id=\"44c249d\" data-element_type=\"widget\" data-e-type=\"widget\" data-settings=\"{&quot;layout&quot;:&quot;vertical&quot;,&quot;submenu_icon&quot;:{&quot;value&quot;:&quot;&quot;,&quot;library&quot;:&quot;&quot;}}\" data-widget_type=\"nav-menu.default\">\n\t\t\t\t<div class=\"elementor-widget-container\">\n\t\t\t\t\t\t\t\t<nav aria-label=\"Men\u00fa\" class=\"elementor-nav-menu--main elementor-nav-menu__container elementor-nav-menu--layout-vertical e--pointer-text e--animation-none\">\n\t\t\t\t<ul id=\"menu-1-44c249d\" class=\"elementor-nav-menu sm-vertical\"><li class=\"menu-item menu-item-type-post_type menu-item-object-page menu-item-629\"><a href=\"https:\/\/intlprojects2.ugr.es\/migrimage_web\/que-es-migrimage\/\" class=\"elementor-item menu-link\">\u00bfQu\u00e9 es MIGRIMAGE?<\/a><\/li>\n<li class=\"menu-item menu-item-type-post_type menu-item-object-page menu-item-628\"><a href=\"https:\/\/intlprojects2.ugr.es\/migrimage_web\/quienes-somos\/\" class=\"elementor-item menu-link\">\u00bfQui\u00e9nes Somos?<\/a><\/li>\n<li class=\"menu-item menu-item-type-post_type menu-item-object-page menu-item-342\"><a href=\"https:\/\/intlprojects2.ugr.es\/migrimage_web\/quienes-somos\/universidad-de-granada\/\" class=\"elementor-item menu-link\">Universidad de Granada<\/a><\/li>\n<li class=\"menu-item menu-item-type-post_type menu-item-object-page menu-item-341\"><a href=\"https:\/\/intlprojects2.ugr.es\/migrimage_web\/quienes-somos\/universita-del-salento\/\" class=\"elementor-item menu-link\">Universit\u00e1 del Salento<\/a><\/li>\n<li class=\"menu-item menu-item-type-post_type menu-item-object-page menu-item-340\"><a href=\"https:\/\/intlprojects2.ugr.es\/migrimage_web\/quienes-somos\/universidad-del-egeo\/\" class=\"elementor-item menu-link\">Universidad del Egeo<\/a><\/li>\n<li class=\"menu-item menu-item-type-post_type menu-item-object-page menu-item-339\"><a href=\"https:\/\/intlprojects2.ugr.es\/migrimage_web\/quienes-somos\/asociacion-andaluza-para-el-desarrollo\/\" class=\"elementor-item menu-link\">Asociaci\u00f3n Andaluza para el desarrollo<\/a><\/li>\n<li class=\"menu-item menu-item-type-post_type menu-item-object-page menu-item-338\"><a href=\"https:\/\/intlprojects2.ugr.es\/migrimage_web\/quienes-somos\/arci-societa-cooperativa-sociale\/\" class=\"elementor-item menu-link\">ARCI Societa\u2019 Cooperativa Sociale<\/a><\/li>\n<li class=\"menu-item menu-item-type-post_type menu-item-object-page menu-item-337\"><a href=\"https:\/\/intlprojects2.ugr.es\/migrimage_web\/quienes-somos\/lesvos-solidarity\/\" class=\"elementor-item menu-link\">Lesvos Solidarity<\/a><\/li>\n<li class=\"menu-item menu-item-type-post_type menu-item-object-page menu-item-627\"><a href=\"https:\/\/intlprojects2.ugr.es\/migrimage_web\/que-hacemos\/\" class=\"elementor-item menu-link\">\u00bfQu\u00e9 hacemos?<\/a><\/li>\n<\/ul>\t\t\t<\/nav>\n\t\t\t\t\t\t<nav class=\"elementor-nav-menu--dropdown elementor-nav-menu__container\" aria-hidden=\"true\">\n\t\t\t\t<ul id=\"menu-2-44c249d\" class=\"elementor-nav-menu sm-vertical\"><li class=\"menu-item menu-item-type-post_type menu-item-object-page menu-item-629\"><a href=\"https:\/\/intlprojects2.ugr.es\/migrimage_web\/que-es-migrimage\/\" class=\"elementor-item menu-link\" tabindex=\"-1\">\u00bfQu\u00e9 es MIGRIMAGE?<\/a><\/li>\n<li class=\"menu-item menu-item-type-post_type menu-item-object-page menu-item-628\"><a href=\"https:\/\/intlprojects2.ugr.es\/migrimage_web\/quienes-somos\/\" class=\"elementor-item menu-link\" tabindex=\"-1\">\u00bfQui\u00e9nes Somos?<\/a><\/li>\n<li class=\"menu-item menu-item-type-post_type menu-item-object-page menu-item-342\"><a href=\"https:\/\/intlprojects2.ugr.es\/migrimage_web\/quienes-somos\/universidad-de-granada\/\" class=\"elementor-item menu-link\" tabindex=\"-1\">Universidad de Granada<\/a><\/li>\n<li class=\"menu-item menu-item-type-post_type menu-item-object-page menu-item-341\"><a href=\"https:\/\/intlprojects2.ugr.es\/migrimage_web\/quienes-somos\/universita-del-salento\/\" class=\"elementor-item menu-link\" tabindex=\"-1\">Universit\u00e1 del Salento<\/a><\/li>\n<li class=\"menu-item menu-item-type-post_type menu-item-object-page menu-item-340\"><a href=\"https:\/\/intlprojects2.ugr.es\/migrimage_web\/quienes-somos\/universidad-del-egeo\/\" class=\"elementor-item menu-link\" tabindex=\"-1\">Universidad del Egeo<\/a><\/li>\n<li class=\"menu-item menu-item-type-post_type menu-item-object-page menu-item-339\"><a href=\"https:\/\/intlprojects2.ugr.es\/migrimage_web\/quienes-somos\/asociacion-andaluza-para-el-desarrollo\/\" class=\"elementor-item menu-link\" tabindex=\"-1\">Asociaci\u00f3n Andaluza para el desarrollo<\/a><\/li>\n<li class=\"menu-item menu-item-type-post_type menu-item-object-page menu-item-338\"><a href=\"https:\/\/intlprojects2.ugr.es\/migrimage_web\/quienes-somos\/arci-societa-cooperativa-sociale\/\" class=\"elementor-item menu-link\" tabindex=\"-1\">ARCI Societa\u2019 Cooperativa Sociale<\/a><\/li>\n<li class=\"menu-item menu-item-type-post_type menu-item-object-page menu-item-337\"><a href=\"https:\/\/intlprojects2.ugr.es\/migrimage_web\/quienes-somos\/lesvos-solidarity\/\" class=\"elementor-item menu-link\" tabindex=\"-1\">Lesvos Solidarity<\/a><\/li>\n<li class=\"menu-item menu-item-type-post_type menu-item-object-page menu-item-627\"><a href=\"https:\/\/intlprojects2.ugr.es\/migrimage_web\/que-hacemos\/\" class=\"elementor-item menu-link\" tabindex=\"-1\">\u00bfQu\u00e9 hacemos?<\/a><\/li>\n<\/ul>\t\t\t<\/nav>\n\t\t\t\t\t\t<\/div>\n\t\t\t\t<\/div>\n\t\t\t\t\t<\/div>\n\t\t<\/div>\n\t\t\t\t<div class=\"elementor-column elementor-col-66 elementor-top-column elementor-element elementor-element-731354d\" data-id=\"731354d\" data-element_type=\"column\" data-e-type=\"column\">\n\t\t\t<div class=\"elementor-widget-wrap elementor-element-populated\">\n\t\t\t\t\t\t<div class=\"elementor-element elementor-element-ec16aff elementor-widget elementor-widget-text-editor\" data-id=\"ec16aff\" data-element_type=\"widget\" data-e-type=\"widget\" data-widget_type=\"text-editor.default\">\n\t\t\t\t<div class=\"elementor-widget-container\">\n\t\t\t\t\t\t\t\t\t<p><img decoding=\"async\" src=\"https:\/\/intlprojects2.ugr.es\/migrimage_web\/wp-content\/uploads\/2021\/04\/asociacionandaluza.png\" alt=\"\" width=\"270\" height=\"150\">ASAD (<a href=\"https:\/\/asad.es\/\" target=\"_blank\" rel=\"noopener\">https:\/\/asad.es\/<\/a>) es una ONGD espa\u00f1ola con sede en Granada y dedicada desde 2005 a proyectos de Cooperaci\u00f3n Internacional, Educaci\u00f3n y Sensibilizaci\u00f3n donde la comunicaci\u00f3n se considera una de las claves esenciales para el empoderamiento ciudadano y la participaci\u00f3n de la sociedad civil.<\/p>\n<p dir=\"ltr\" style=\"line-height:1.38;background-color:#ffffff;margin-top:0pt;margin-bottom:0pt;padding:0pt 0pt 19pt 0pt;\"><span style=\"font-size:12pt;font-family:Roboto,sans-serif;color:#3a3a3a;background-color:transparent;font-weight:400;font-style:normal;font-variant:normal;text-decoration:none;vertical-align:baseline;white-space:pre;white-space:pre-wrap;\">Sus proyectos pretenden contribuir a cambiar las estructuras que impiden el desarrollo de las comunidades de acuerdo con sus propios principios y valores. En ellos, se utilizan t\u00e9cnicas de comunicaci\u00f3n participativa como los nuevos medios interactivos y las formaciones en audiovisual, artivismo-teatro de calle, fotograf\u00eda y radio participativas (entre otras), como herramientas para que las y los participantes puedan exigir y construir la justicia social con su propia voz. Esta idea est\u00e1 basada en el concepto del Derecho a la Comunicaci\u00f3n, que est\u00e1 reconocido como la protecci\u00f3n legal de todas las personas en su acceso a una informaci\u00f3n veraz, plural e imparcial; as\u00ed como en la creaci\u00f3n de unos discursos propios que les ayuden a defender sus derechos y oportunidades.<\/span><\/p><p dir=\"ltr\" style=\"line-height:1.38;background-color:#ffffff;margin-top:0pt;margin-bottom:0pt;padding:0pt 0pt 19pt 0pt;\"><span style=\"background-color: transparent; font-size: 12pt; white-space: pre-wrap;\">Desde su nacimiento, ASAD ha trabajado en pa\u00edses como Cabo Verde, Camboya y Brasil, y actualmente est\u00e1 presente en Espa\u00f1a, Guinea Bissau, Guatemala y Rep\u00fablica Dominicana.<\/span><\/p>\t\t\t\t\t\t\t\t<\/div>\n\t\t\t\t<\/div>\n\t\t\t\t\t<\/div>\n\t\t<\/div>\n\t\t\t\t\t<\/div>\n\t\t<\/section>\n\t\t\t\t<\/div>\n\t\t","protected":false},"excerpt":{"rendered":"<p>ASAD (https:\/\/asad.es\/) es una ONGD espa\u00f1ola con sede en Granada y dedicada desde 2005 a proyectos de Cooperaci\u00f3n Internacional, Educaci\u00f3n y Sensibilizaci\u00f3n donde la comunicaci\u00f3n se considera una de las claves esenciales para el empoderamiento ciudadano y la participaci\u00f3n de la sociedad civil. Sus proyectos pretenden contribuir a cambiar las estructuras que impiden el desarrollo &hellip;<\/p>\n<p class=\"read-more\"> <a class=\"\" href=\"https:\/\/intlprojects2.ugr.es\/migrimage_web\/quienes-somos\/asociacion-andaluza-para-el-desarrollo\/\"> <span class=\"screen-reader-text\">Asociaci\u00f3n Andaluza para el desarrollo<\/span> Leer m\u00e1s &raquo;<\/a><\/p>\n","protected":false},"author":1,"featured_media":0,"parent":116,"menu_order":0,"comment_status":"closed","ping_status":"closed","template":"","meta":{"footnotes":""},"class_list":["post-221","page","type-page","status-publish","hentry"],"_links":{"self":[{"href":"https:\/\/intlprojects2.ugr.es\/migrimage_web\/wp-json\/wp\/v2\/pages\/221","targetHints":{"allow":["GET"]}}],"collection":[{"href":"https:\/\/intlprojects2.ugr.es\/migrimage_web\/wp-json\/wp\/v2\/pages"}],"about":[{"href":"https:\/\/intlprojects2.ugr.es\/migrimage_web\/wp-json\/wp\/v2\/types\/page"}],"author":[{"embeddable":true,"href":"https:\/\/intlprojects2.ugr.es\/migrimage_web\/wp-json\/wp\/v2\/users\/1"}],"replies":[{"embeddable":true,"href":"https:\/\/intlprojects2.ugr.es\/migrimage_web\/wp-json\/wp\/v2\/comments?post=221"}],"version-history":[{"count":20,"href":"https:\/\/intlprojects2.ugr.es\/migrimage_web\/wp-json\/wp\/v2\/pages\/221\/revisions"}],"predecessor-version":[{"id":671,"href":"https:\/\/intlprojects2.ugr.es\/migrimage_web\/wp-json\/wp\/v2\/pages\/221\/revisions\/671"}],"up":[{"embeddable":true,"href":"https:\/\/intlprojects2.ugr.es\/migrimage_web\/wp-json\/wp\/v2\/pages\/116"}],"wp:attachment":[{"href":"https:\/\/intlprojects2.ugr.es\/migrimage_web\/wp-json\/wp\/v2\/media?parent=221"}],"curies":[{"name":"wp","href":"https:\/\/api.w.org\/{rel}","templated":true}]}}