{"id":235,"date":"2021-04-09T14:44:17","date_gmt":"2021-04-09T12:44:17","guid":{"rendered":"https:\/\/intlprojects2.ugr.es\/migrimage_web\/?page_id=235"},"modified":"2022-02-18T10:59:14","modified_gmt":"2022-02-18T09:59:14","slug":"arci-societa-cooperativa-sociale","status":"publish","type":"page","link":"https:\/\/intlprojects2.ugr.es\/migrimage_web\/quienes-somos\/arci-societa-cooperativa-sociale\/","title":{"rendered":"ARCI Societa&#8217; Cooperativa Sociale"},"content":{"rendered":"\t\t<div data-elementor-type=\"wp-page\" data-elementor-id=\"235\" class=\"elementor elementor-235\" data-elementor-post-type=\"page\">\n\t\t\t\t\t\t<section class=\"elementor-section elementor-top-section elementor-element elementor-element-f3e923e elementor-section-boxed elementor-section-height-default elementor-section-height-default\" data-id=\"f3e923e\" data-element_type=\"section\" data-e-type=\"section\">\n\t\t\t\t\t\t<div class=\"elementor-container elementor-column-gap-default\">\n\t\t\t\t\t<div class=\"elementor-column elementor-col-100 elementor-top-column elementor-element elementor-element-da750a4\" data-id=\"da750a4\" data-element_type=\"column\" data-e-type=\"column\">\n\t\t\t<div class=\"elementor-widget-wrap elementor-element-populated\">\n\t\t\t\t\t\t<div class=\"elementor-element elementor-element-9107981 elementor-widget elementor-widget-heading\" data-id=\"9107981\" data-element_type=\"widget\" data-e-type=\"widget\" data-widget_type=\"heading.default\">\n\t\t\t\t<div class=\"elementor-widget-container\">\n\t\t\t\t\t<h1 class=\"elementor-heading-title elementor-size-default\">ARCI Societa&#8217; Cooperativa Sociale<\/h1>\t\t\t\t<\/div>\n\t\t\t\t<\/div>\n\t\t\t\t\t<\/div>\n\t\t<\/div>\n\t\t\t\t\t<\/div>\n\t\t<\/section>\n\t\t\t\t<section class=\"elementor-section elementor-top-section elementor-element elementor-element-0104806 elementor-section-boxed elementor-section-height-default elementor-section-height-default\" data-id=\"0104806\" data-element_type=\"section\" data-e-type=\"section\">\n\t\t\t\t\t\t<div class=\"elementor-container elementor-column-gap-default\">\n\t\t\t\t\t<div class=\"elementor-column elementor-col-33 elementor-top-column elementor-element elementor-element-76c14cb elementor-hidden-phone\" data-id=\"76c14cb\" data-element_type=\"column\" data-e-type=\"column\">\n\t\t\t<div class=\"elementor-widget-wrap elementor-element-populated\">\n\t\t\t\t\t\t<div class=\"elementor-element elementor-element-c8b5afb elementor-nav-menu__align-start elementor-nav-menu--dropdown-none elementor-widget elementor-widget-global elementor-global-185 elementor-widget-nav-menu\" data-id=\"c8b5afb\" data-element_type=\"widget\" data-e-type=\"widget\" data-settings=\"{&quot;layout&quot;:&quot;vertical&quot;,&quot;submenu_icon&quot;:{&quot;value&quot;:&quot;&quot;,&quot;library&quot;:&quot;&quot;}}\" data-widget_type=\"nav-menu.default\">\n\t\t\t\t<div class=\"elementor-widget-container\">\n\t\t\t\t\t\t\t\t<nav aria-label=\"Men\u00fa\" class=\"elementor-nav-menu--main elementor-nav-menu__container elementor-nav-menu--layout-vertical e--pointer-text e--animation-none\">\n\t\t\t\t<ul id=\"menu-1-c8b5afb\" class=\"elementor-nav-menu sm-vertical\"><li class=\"menu-item menu-item-type-post_type menu-item-object-page menu-item-629\"><a href=\"https:\/\/intlprojects2.ugr.es\/migrimage_web\/que-es-migrimage\/\" class=\"elementor-item menu-link\">\u00bfQu\u00e9 es MIGRIMAGE?<\/a><\/li>\n<li class=\"menu-item menu-item-type-post_type menu-item-object-page menu-item-628\"><a href=\"https:\/\/intlprojects2.ugr.es\/migrimage_web\/quienes-somos\/\" class=\"elementor-item menu-link\">\u00bfQui\u00e9nes Somos?<\/a><\/li>\n<li class=\"menu-item menu-item-type-post_type menu-item-object-page menu-item-342\"><a href=\"https:\/\/intlprojects2.ugr.es\/migrimage_web\/quienes-somos\/universidad-de-granada\/\" class=\"elementor-item menu-link\">Universidad de Granada<\/a><\/li>\n<li class=\"menu-item menu-item-type-post_type menu-item-object-page menu-item-341\"><a href=\"https:\/\/intlprojects2.ugr.es\/migrimage_web\/quienes-somos\/universita-del-salento\/\" class=\"elementor-item menu-link\">Universit\u00e1 del Salento<\/a><\/li>\n<li class=\"menu-item menu-item-type-post_type menu-item-object-page menu-item-340\"><a href=\"https:\/\/intlprojects2.ugr.es\/migrimage_web\/quienes-somos\/universidad-del-egeo\/\" class=\"elementor-item menu-link\">Universidad del Egeo<\/a><\/li>\n<li class=\"menu-item menu-item-type-post_type menu-item-object-page menu-item-339\"><a href=\"https:\/\/intlprojects2.ugr.es\/migrimage_web\/quienes-somos\/asociacion-andaluza-para-el-desarrollo\/\" class=\"elementor-item menu-link\">Asociaci\u00f3n Andaluza para el desarrollo<\/a><\/li>\n<li class=\"menu-item menu-item-type-post_type menu-item-object-page menu-item-338\"><a href=\"https:\/\/intlprojects2.ugr.es\/migrimage_web\/quienes-somos\/arci-societa-cooperativa-sociale\/\" class=\"elementor-item menu-link\">ARCI Societa\u2019 Cooperativa Sociale<\/a><\/li>\n<li class=\"menu-item menu-item-type-post_type menu-item-object-page menu-item-337\"><a href=\"https:\/\/intlprojects2.ugr.es\/migrimage_web\/quienes-somos\/lesvos-solidarity\/\" class=\"elementor-item menu-link\">Lesvos Solidarity<\/a><\/li>\n<li class=\"menu-item menu-item-type-post_type menu-item-object-page menu-item-627\"><a href=\"https:\/\/intlprojects2.ugr.es\/migrimage_web\/que-hacemos\/\" class=\"elementor-item menu-link\">\u00bfQu\u00e9 hacemos?<\/a><\/li>\n<\/ul>\t\t\t<\/nav>\n\t\t\t\t\t\t<nav class=\"elementor-nav-menu--dropdown elementor-nav-menu__container\" aria-hidden=\"true\">\n\t\t\t\t<ul id=\"menu-2-c8b5afb\" class=\"elementor-nav-menu sm-vertical\"><li class=\"menu-item menu-item-type-post_type menu-item-object-page menu-item-629\"><a href=\"https:\/\/intlprojects2.ugr.es\/migrimage_web\/que-es-migrimage\/\" class=\"elementor-item menu-link\" tabindex=\"-1\">\u00bfQu\u00e9 es MIGRIMAGE?<\/a><\/li>\n<li class=\"menu-item menu-item-type-post_type menu-item-object-page menu-item-628\"><a href=\"https:\/\/intlprojects2.ugr.es\/migrimage_web\/quienes-somos\/\" class=\"elementor-item menu-link\" tabindex=\"-1\">\u00bfQui\u00e9nes Somos?<\/a><\/li>\n<li class=\"menu-item menu-item-type-post_type menu-item-object-page menu-item-342\"><a href=\"https:\/\/intlprojects2.ugr.es\/migrimage_web\/quienes-somos\/universidad-de-granada\/\" class=\"elementor-item menu-link\" tabindex=\"-1\">Universidad de Granada<\/a><\/li>\n<li class=\"menu-item menu-item-type-post_type menu-item-object-page menu-item-341\"><a href=\"https:\/\/intlprojects2.ugr.es\/migrimage_web\/quienes-somos\/universita-del-salento\/\" class=\"elementor-item menu-link\" tabindex=\"-1\">Universit\u00e1 del Salento<\/a><\/li>\n<li class=\"menu-item menu-item-type-post_type menu-item-object-page menu-item-340\"><a href=\"https:\/\/intlprojects2.ugr.es\/migrimage_web\/quienes-somos\/universidad-del-egeo\/\" class=\"elementor-item menu-link\" tabindex=\"-1\">Universidad del Egeo<\/a><\/li>\n<li class=\"menu-item menu-item-type-post_type menu-item-object-page menu-item-339\"><a href=\"https:\/\/intlprojects2.ugr.es\/migrimage_web\/quienes-somos\/asociacion-andaluza-para-el-desarrollo\/\" class=\"elementor-item menu-link\" tabindex=\"-1\">Asociaci\u00f3n Andaluza para el desarrollo<\/a><\/li>\n<li class=\"menu-item menu-item-type-post_type menu-item-object-page menu-item-338\"><a href=\"https:\/\/intlprojects2.ugr.es\/migrimage_web\/quienes-somos\/arci-societa-cooperativa-sociale\/\" class=\"elementor-item menu-link\" tabindex=\"-1\">ARCI Societa\u2019 Cooperativa Sociale<\/a><\/li>\n<li class=\"menu-item menu-item-type-post_type menu-item-object-page menu-item-337\"><a href=\"https:\/\/intlprojects2.ugr.es\/migrimage_web\/quienes-somos\/lesvos-solidarity\/\" class=\"elementor-item menu-link\" tabindex=\"-1\">Lesvos Solidarity<\/a><\/li>\n<li class=\"menu-item menu-item-type-post_type menu-item-object-page menu-item-627\"><a href=\"https:\/\/intlprojects2.ugr.es\/migrimage_web\/que-hacemos\/\" class=\"elementor-item menu-link\" tabindex=\"-1\">\u00bfQu\u00e9 hacemos?<\/a><\/li>\n<\/ul>\t\t\t<\/nav>\n\t\t\t\t\t\t<\/div>\n\t\t\t\t<\/div>\n\t\t\t\t\t<\/div>\n\t\t<\/div>\n\t\t\t\t<div class=\"elementor-column elementor-col-66 elementor-top-column elementor-element elementor-element-df1e7fc\" data-id=\"df1e7fc\" data-element_type=\"column\" data-e-type=\"column\">\n\t\t\t<div class=\"elementor-widget-wrap elementor-element-populated\">\n\t\t\t\t\t\t<div class=\"elementor-element elementor-element-b399e17 elementor-widget elementor-widget-text-editor\" data-id=\"b399e17\" data-element_type=\"widget\" data-e-type=\"widget\" data-widget_type=\"text-editor.default\">\n\t\t\t\t<div class=\"elementor-widget-container\">\n\t\t\t\t\t\t\t\t\t<p><img fetchpriority=\"high\" decoding=\"async\" class=\"alignnone wp-image-753 size-medium\" src=\"https:\/\/intlprojects2.ugr.es\/migrimage_web\/wp-content\/uploads\/2022\/02\/arci-300x167.png\" alt=\"\" width=\"300\" height=\"167\" srcset=\"https:\/\/intlprojects2.ugr.es\/migrimage_web\/wp-content\/uploads\/2022\/02\/arci-300x167.png 300w, https:\/\/intlprojects2.ugr.es\/migrimage_web\/wp-content\/uploads\/2022\/02\/arci.png 540w\" sizes=\"(max-width: 300px) 100vw, 300px\" \/>Arci Lecce (<a href=\"http:\/\/www.arci.le.it\/\" target=\"_blank\" rel=\"noopener\">www.arci.le.it<\/a>) es una Cooperativa Social que opera desde hace 20 a\u00f1os en la acogida de solicitantes de asilo y refugiados, tanto adultos como ni\u00f1os. La cooperativa organiza para cada uno de ellos actividades de formaci\u00f3n, apoyo jur\u00eddico y psicol\u00f3gico, itinerarios individuales de integraci\u00f3n socioecon\u00f3mica, facilita el acceso a la escolarizaci\u00f3n y a actividades deportivas y pone en marcha iniciativas para promover el di\u00e1logo con las comunidades locales persiguiendo el surgimiento de una sociedad abierta y multicultural. Arci Lecce organiza actividades culturales durante todo el a\u00f1o dirigidas a toda la comunidad (presentaciones de libros, actuaciones musicales y teatrales, talleres de artesan\u00eda) en el Centro de Interacci\u00f3n Cultural \u00abDunya\u00bb de Lecce, realiza tambi\u00e9n actividades de sensibilizaci\u00f3n en las escuelas, eventos culturales y festivales de m\u00fasica en colaboraci\u00f3n con los municipios y asociaciones que forman parte de su red territorial de contactos.<\/p>\t\t\t\t\t\t\t\t<\/div>\n\t\t\t\t<\/div>\n\t\t\t\t\t<\/div>\n\t\t<\/div>\n\t\t\t\t\t<\/div>\n\t\t<\/section>\n\t\t\t\t<\/div>\n\t\t","protected":false},"excerpt":{"rendered":"<p>Arci Lecce (www.arci.le.it) es una Cooperativa Social que opera desde hace 20 a\u00f1os en la acogida de solicitantes de asilo y refugiados, tanto adultos como ni\u00f1os. La cooperativa organiza para cada uno de ellos actividades de formaci\u00f3n, apoyo jur\u00eddico y psicol\u00f3gico, itinerarios individuales de integraci\u00f3n socioecon\u00f3mica, facilita el acceso a la escolarizaci\u00f3n y a actividades &hellip;<\/p>\n<p class=\"read-more\"> <a class=\"\" href=\"https:\/\/intlprojects2.ugr.es\/migrimage_web\/quienes-somos\/arci-societa-cooperativa-sociale\/\"> <span class=\"screen-reader-text\">ARCI Societa&#8217; Cooperativa Sociale<\/span> Leer m\u00e1s &raquo;<\/a><\/p>\n","protected":false},"author":1,"featured_media":0,"parent":116,"menu_order":0,"comment_status":"closed","ping_status":"closed","template":"","meta":{"footnotes":""},"class_list":["post-235","page","type-page","status-publish","hentry"],"_links":{"self":[{"href":"https:\/\/intlprojects2.ugr.es\/migrimage_web\/wp-json\/wp\/v2\/pages\/235","targetHints":{"allow":["GET"]}}],"collection":[{"href":"https:\/\/intlprojects2.ugr.es\/migrimage_web\/wp-json\/wp\/v2\/pages"}],"about":[{"href":"https:\/\/intlprojects2.ugr.es\/migrimage_web\/wp-json\/wp\/v2\/types\/page"}],"author":[{"embeddable":true,"href":"https:\/\/intlprojects2.ugr.es\/migrimage_web\/wp-json\/wp\/v2\/users\/1"}],"replies":[{"embeddable":true,"href":"https:\/\/intlprojects2.ugr.es\/migrimage_web\/wp-json\/wp\/v2\/comments?post=235"}],"version-history":[{"count":25,"href":"https:\/\/intlprojects2.ugr.es\/migrimage_web\/wp-json\/wp\/v2\/pages\/235\/revisions"}],"predecessor-version":[{"id":788,"href":"https:\/\/intlprojects2.ugr.es\/migrimage_web\/wp-json\/wp\/v2\/pages\/235\/revisions\/788"}],"up":[{"embeddable":true,"href":"https:\/\/intlprojects2.ugr.es\/migrimage_web\/wp-json\/wp\/v2\/pages\/116"}],"wp:attachment":[{"href":"https:\/\/intlprojects2.ugr.es\/migrimage_web\/wp-json\/wp\/v2\/media?parent=235"}],"curies":[{"name":"wp","href":"https:\/\/api.w.org\/{rel}","templated":true}]}}